{"id":397,"date":"2020-09-30T17:12:30","date_gmt":"2020-09-30T14:12:30","guid":{"rendered":"http:\/\/www.sungift.com.tr\/en\/?page_id=397"},"modified":"2020-10-03T14:25:13","modified_gmt":"2020-10-03T11:25:13","slug":"kvkk","status":"publish","type":"page","link":"http:\/\/www.sungift.com.tr\/en\/kvkk","title":{"rendered":"Ki\u015fisel Verilerin Korunmas\u0131"},"content":{"rendered":"\n<ol class=\"wp-block-list\"><li><strong>AMA\u00c7<\/strong><\/li><\/ol>\n\n\n\n<p><strong>UZUNO\u011eLU TARIM \u00dcR. \u0130TH. \u0130HR. SAN VE T\u0130C. LTD. \u015eT\u0130<\/strong>. olarak; m\u00fc\u015fterilerimiz, \u00e7al\u0131\u015fanlar\u0131m\u0131z, ziyaret\u00e7ilerimiz dahil \u015firketimiz ile ili\u015fkili ger\u00e7ek ki\u015filerin ki\u015fisel verilerinin T\u00fcrkiye Cumhuriyeti&nbsp; Anayasas\u0131&nbsp; ve&nbsp; \u0130nsan Haklar\u0131na ili\u015fkin \u00fclkemizin taraf\u0131 oldu\u011fu uluslararas\u0131 s\u00f6zle\u015fmeler ile 6698 say\u0131l\u0131 Ki\u015fisel Verilerin Korunmas\u0131 Kanunu (\u201cKVKK\u201d) ba\u015fta olmak \u00fczere ilgili mevzuata uygun olarak i\u015flenmesi ve verisi i\u015flenen ilgili ki\u015filerin haklar\u0131n\u0131 etkin \u015fekilde kullan\u0131lmas\u0131n\u0131n sa\u011flanmas\u0131 \u00f6nceli\u011fimizdir.<\/p>\n\n\n\n<p>Bu nedenle, say\u0131lanlarla s\u0131n\u0131rl\u0131 olmamak \u00fczere; \u00e7al\u0131\u015fanlar\u0131m\u0131z\u0131n, ziyaret\u00e7ilerimizin, i\u015f ba\u011flant\u0131lar\u0131m\u0131z\u0131n, tedarik\u00e7ilerimizin, i\u015f ortaklar\u0131m\u0131z\u0131n, m\u00fc\u015fterilerimizin, internet sitemizi ziyaret eden kullan\u0131c\u0131lar\u0131m\u0131z\u0131n, k\u0131sacas\u0131 faaliyetlerimiz s\u0131ras\u0131nda edindi\u011fimiz t\u00fcm ki\u015fisel verilere ili\u015fkin verinin i\u015flenmesi ve saklanmas\u0131na ili\u015fkin i\u015flemleri, i\u015fbu <strong>UZUNO\u011eLU TARIM \u00dcR. \u0130TH. \u0130HR. SAN VE T\u0130C. LTD. \u015eT\u0130<\/strong>.&nbsp; Ki\u015fisel Verilerin Korunmas\u0131 ve \u0130\u015flenmesi Politikas\u0131na g\u00f6re ger\u00e7ekle\u015ftirmekteyiz. Ki\u015fisel verilerin i\u015flenmesine ili\u015fkin politikam\u0131z\u0131n temel prensibi; ki\u015fisel verilerin korunmas\u0131 ve ki\u015fisel verileri toplanan ger\u00e7ek ki\u015filerin temel hak ve h\u00fcrriyetlerinin g\u00f6zetilmesidir. Bu nedenle ki\u015fisel verinin i\u015flendi\u011fi t\u00fcm faaliyetlerimizi, \u00f6zel hayat\u0131n gizlili\u011finin korunmas\u0131, haberle\u015fmenin gizlili\u011fi, d\u00fc\u015f\u00fcnce ve inan\u00e7 \u00f6zg\u00fcrl\u00fc\u011f\u00fc, etkili kanun yollar\u0131n\u0131 kullanma haklar\u0131n\u0131 g\u00f6zeterek s\u00fcrd\u00fcrmekteyiz.<\/p>\n\n\n\n<p>Ki\u015fisel verilerin korunmas\u0131 ad\u0131na y\u00fcr\u00fcrl\u00fckteki mevzuata ve g\u00fcncel teknolojiye uygun \u015fekilde ilgili verinin niteli\u011finin gerektirdi\u011fi t\u00fcm idari ve teknik koruma tedbirlerini almaktay\u0131z.<\/p>\n\n\n\n<p>\u0130\u015fbu Politika, ticari veya sosyal sorumluluk ve benzeri faaliyetlerimiz s\u0131ras\u0131nda payla\u015f\u0131lan ki\u015fisel verilerin KVKK \u2019da an\u0131lan ilkeler \u00e7er\u00e7evesinde i\u015flenmesi, saklanmas\u0131, aktar\u0131lmas\u0131 ve silinmesi ya da anonim hale getirilmesine dair izledi\u011fimiz y\u00f6ntemleri a\u00e7\u0131klamaktad\u0131r<\/p>\n\n\n\n<p>2. <strong>KAPSAM<\/strong><\/p>\n\n\n\n<p>Say\u0131lanlarla s\u0131n\u0131rl\u0131 olmamak \u00fczere; \u00e7al\u0131\u015fanlar\u0131m\u0131z\u0131n, ziyaret\u00e7ilerimizin, i\u015f ba\u011flant\u0131lar\u0131m\u0131z\u0131n, i\u015f ortaklar\u0131m\u0131z\u0131n, m\u00fc\u015fterilerimizin, potansiyel m\u00fc\u015fterilerimizin, internet sitemizi ziyaret eden kullan\u0131c\u0131lar\u0131m\u0131z\u0131n, k\u0131sacas\u0131 faaliyetlerimiz s\u0131ras\u0131nda edindi\u011fimiz ve <strong>UZUNO\u011eLU TARIM \u00dcR. \u0130TH. \u0130HR. SAN VE T\u0130C. LTD. \u015eT\u0130<\/strong>. taraf\u0131ndan i\u015flenen t\u00fcm ki\u015fisel veriler bu Politika \u2019n\u0131n kapsam\u0131ndad\u0131r.<\/p>\n\n\n\n<p>Ki\u015fisel verilerin korumas\u0131 sadece ger\u00e7ek ki\u015filer ile ilgili olup t\u00fczel ki\u015filere ait, i\u00e7erisinde ger\u00e7ek ki\u015fiye ili\u015fkin bilgi i\u00e7ermeyen bilgiler ki\u015fisel veri korumas\u0131 d\u0131\u015f\u0131nda b\u0131rak\u0131lm\u0131\u015ft\u0131r. Bu nedenle i\u015fbu Politika t\u00fczel ki\u015filere ait verilere uygulanmaz.<\/p>\n\n\n\n<p>Politikam\u0131z, <strong>UZUNO\u011eLU TARIM \u00dcR. \u0130TH. \u0130HR. SAN VE T\u0130C. LTD. \u015eT\u0130<\/strong>. sahibi oldu\u011fu ya da taraf\u0131ndan y\u00f6netilen, t\u00fcm ki\u015fisel verilerin i\u015flenmesine y\u00f6nelik faaliyetlerde uygulanmakta olup KVKK ve ki\u015fisel verilere ili\u015fkin ilgili di\u011fer mevzuat g\u00f6zetilerek ele al\u0131nm\u0131\u015f ve haz\u0131rlanm\u0131\u015ft\u0131r.<\/p>\n\n\n\n<p>3. <strong>TANIM ve KISALTMALAR<\/strong><\/p>\n\n\n\n<p>Bu b\u00f6l\u00fcmde Politika\u2019da ge\u00e7en \u00f6zel terim, kavramlar, k\u0131saltmalar k\u0131saca a\u00e7\u0131klan\u0131r.<\/p>\n\n\n\n<p><strong>3.1. \u015eirket :UZUNO\u011eLU TARIM \u00dcR. \u0130TH. \u0130HR. SAN VE T\u0130C. LTD. \u015eT\u0130<\/strong>.<\/p>\n\n\n\n<p>3.2. <strong>A\u00e7\u0131k R\u0131za:<\/strong>Belirli bir konuya ili\u015fkin, bilgilendirilmeye ve \u00f6zg\u00fcr iradeye dayanan, teredd\u00fctte yer b\u0131rakmayacak a\u00e7\u0131kl\u0131kta, sadece o i\u015flemle s\u0131n\u0131rl\u0131 olarak verilen onay.<\/p>\n\n\n\n<p>3.3. <strong>Anonim Hale Getirme:<\/strong>Ki\u015fisel verilerin, ba\u015fka verilerle e\u015fle\u015ftirilerek dahi hi\u00e7bir surette kimli\u011fi belirli veya belirlenebilir bir ger\u00e7ek ki\u015fiye ili\u015fkilendirilemeyecek hale getirilmesidir.<\/p>\n\n\n\n<p>3.4. <strong>\u00c7al\u0131\u015fan:<\/strong>\u015e\u0130RKET Personelini ifade eder.<\/p>\n\n\n\n<p>3.5. <strong>Ki\u015fisel Veri Sahibi (\u0130lgili Ki\u015fi):<\/strong> Ki\u015fisel verisi i\u015flenen ger\u00e7ek ki\u015fi.<\/p>\n\n\n\n<p>3.6. <strong>Ki\u015fisel Veri:<\/strong>Kimli\u011fi belirli veya belirlenebilir ger\u00e7ek ki\u015fiye ili\u015fkin her t\u00fcrl\u00fc bilgi.<\/p>\n\n\n\n<p>3.7. <strong>\u00d6zel Nitelikli Ki\u015fisel Veri:<\/strong> Ki\u015filerin, \u0131rk\u0131, etnik k\u00f6keni, siyasi d\u00fc\u015f\u00fcncesi, felsefi inanc\u0131, dini, mezhebi, veya di\u011fer inan\u00e7lar\u0131, k\u0131l\u0131k ve k\u0131yafeti, dernek, vak\u0131f, kul\u00fcp sendika, siyasi parti \u00fcyeli\u011fi, sa\u011fl\u0131\u011f\u0131, cinsel hayat\u0131, ceza mahkumiyeti, ve g\u00fcvenlik tedbirleriyle ilgili verileri ile biyometrik ve genetik verileri.<\/p>\n\n\n\n<p>3.8. <strong>Ki\u015fisel Verilerin \u0130\u015flenmesi<\/strong>: Ki\u015fisel verilerin tamamen veya k\u0131smen otomatik olan ya da herhangi bir veri kay\u0131t sisteminin par\u00e7as\u0131 olmak kayd\u0131yla otomatik olmayan yollarla elde edilmesi, kaydedilmesi, depolanmas\u0131, saklanmas\u0131, de\u011fi\u015ftirilmesi, yeniden d\u00fczenlenmesi, a\u00e7\u0131klanmas\u0131, aktar\u0131lmas\u0131, devral\u0131nmas\u0131, elde edilebilir hale getirilmesi, s\u0131n\u0131fland\u0131r\u0131lmas\u0131 ya da kullan\u0131lmas\u0131n\u0131n engellenmesi gibi veriler \u00fczerinde ger\u00e7ekle\u015ftirilen her t\u00fcrl\u00fc i\u015flem.<\/p>\n\n\n\n<p>3.9. <strong>Veri \u0130\u015fleyen:<\/strong> Veri sorumlusunun verdi\u011fi yetkiye dayanarak veri sorumlusu ad\u0131na ki\u015fisel verileri i\u015fleyen ger\u00e7ek veya t\u00fczel ki\u015fi.<\/p>\n\n\n\n<p>3.10. <strong>Veri Sorumlusu:&nbsp; <\/strong>Ki\u015fisel verilerin i\u015fleme ama\u00e7lar\u0131n\u0131 ve vas\u0131talar\u0131n\u0131&nbsp; &nbsp; &nbsp; &nbsp; belirleyen, veri kay\u0131t sisteminin kurulmas\u0131nda ve y\u00f6netilmesinden sorumlu t\u00fczel ki\u015fi olan \u015e\u0130RKET.<\/p>\n\n\n\n<p>3.11. <strong>KVK Kurulu:<\/strong> Ki\u015fisel Verileri Koruma Kurulu.<\/p>\n\n\n\n<p>3.12. <strong>KVK Kurumu:<\/strong> Ki\u015fisel Verileri Koruma Kurumu.<\/p>\n\n\n\n<p>3.13. <strong>KVKK:<\/strong> 7 Nisan 2016 tarihli ve 29677 say\u0131l\u0131 Resmi Gazetede&nbsp; &nbsp; &nbsp; &nbsp; &nbsp; &nbsp; yay\u0131mlanan Ki\u015fisel Verilerin Korunmas\u0131 Kanunu.<\/p>\n\n\n\n<p>3.14. <strong>KEP:<\/strong> Kay\u0131tl\u0131 Elektronik Posta adresidir. Her t\u00fcrl\u00fc ticari, hukuki yaz\u0131\u015fma ve belge payla\u015f\u0131mlar\u0131n\u0131 g\u00f6nderilen bi\u00e7imde koruyan, al\u0131c\u0131n\u0131n kim oldu\u011funu kesin olarak tespit eden, i\u00e7eri\u011fin kesinlikle de\u011fi\u015fmemesini ve i\u00e7eri\u011fi yasal ge\u00e7erli ve g\u00fcvenli, kesin delil haline getiren sistemdir.<\/p>\n\n\n\n<p>3.15. <strong>Politika:<\/strong> \u015e\u0130RKET Ki\u015fisel Verilerin Korunmas\u0131 ve \u0130\u015flenmesi Politikas\u0131.<\/p>\n\n\n\n<p>4. <strong>HUKUK\u0130 Y\u00dcK\u00dcML\u00dcL\u00dcKLER<\/strong><\/p>\n\n\n\n<p>KVKK uyar\u0131nca veri sorumlusu olarak ki\u015fisel verilerin korunmas\u0131 ve i\u015flenmesi kapsam\u0131nda hukuki y\u00fck\u00fcml\u00fcl\u00fckler a\u015fa\u011f\u0131da&nbsp; &nbsp; &nbsp; &nbsp; s\u0131ralanm\u0131\u015ft\u0131r:<\/p>\n\n\n\n<p>4.1. <strong>Ayd\u0131nlatma Y\u00fck\u00fcml\u00fcl\u00fc\u011f\u00fc<\/strong><\/p>\n\n\n\n<p>Veri sorumlusu olarak ki\u015fisel verileri toplarken;<\/p>\n\n\n\n<ul class=\"wp-block-list\"><li>Ki\u015fisel verilerinizin hangi ama\u00e7la i\u015flenece\u011fi,<\/li><\/ul>\n\n\n\n<ul class=\"wp-block-list\"><li>Kimli\u011fimiz, varsa temsilcimizin kimli\u011fine ili\u015fkin bilgiler,<\/li><\/ul>\n\n\n\n<ul class=\"wp-block-list\"><li>\u0130\u015flenen ki\u015fisel verilerinizin kimlere ve hangi ama\u00e7la aktar\u0131labilece\u011fi,<\/li><\/ul>\n\n\n\n<ul class=\"wp-block-list\"><li>Verileri toplama y\u00f6ntemimiz ve hukuki sebebi,<\/li><\/ul>\n\n\n\n<ul class=\"wp-block-list\"><li>Kanundan do\u011fan haklar, hususlar\u0131nda \u0130lgili Ki\u015fi\u2019yi ayd\u0131nlatma y\u00fck\u00fcml\u00fcl\u00fc\u011f\u00fcm\u00fcz bulunmaktad\u0131r.<\/li><\/ul>\n\n\n\n<p>\u015e\u0130RKET olarak kamuoyuna a\u00e7\u0131k olan i\u015fbu Politikam\u0131z\u0131n a\u00e7\u0131k, anla\u015f\u0131l\u0131r, kolay eri\u015febilir olmas\u0131na \u00f6zen&nbsp; g\u00f6stermekteyiz.<\/p>\n\n\n\n<p>4.2. <strong>Veri G\u00fcvenli\u011fini Sa\u011flama Y\u00fck\u00fcml\u00fcl\u00fc\u011f\u00fc<\/strong><\/p>\n\n\n\n<p>Veri sorumlusu olarak uhdemizde bulunan ki\u015fisel verilerin g\u00fcvenli\u011fini sa\u011flamak i\u00e7in mevzuatta \u00f6ng\u00f6r\u00fclen idari ve teknik tedbirleri almaktay\u0131z. Veri g\u00fcvenli\u011fine ili\u015fkin y\u00fck\u00fcml\u00fcl\u00fckler ve al\u0131nan tedbirler i\u015fbu Politika\u2019n\u0131n 7 b\u00f6l\u00fcmde detayland\u0131r\u0131lmaktad\u0131r.<\/p>\n\n\n\n<p>5. <strong>K\u0130\u015e\u0130SEL VER\u0130LER\u0130NSINIFLANDIRILMASI<\/strong><\/p>\n\n\n\n<p>5.1. <strong>Ki\u015fisel Veriler<\/strong><\/p>\n\n\n\n<p>Ki\u015fisel veriler; kimli\u011fi belirli veya belirlenebilir ger\u00e7ek ki\u015fiye ili\u015fkin her t\u00fcrl\u00fc bilgilerdir. Ki\u015fisel verilerin korumas\u0131 sadece ger\u00e7ek ki\u015filer ile ilgili olup t\u00fczel ki\u015filere ait, i\u00e7erisinde ger\u00e7ek ki\u015fiye ili\u015fkin bilgi i\u00e7ermeyen bilgiler ki\u015fisel veri korumas\u0131 d\u0131\u015f\u0131nda b\u0131rak\u0131lm\u0131\u015ft\u0131r. Bu nedenle i\u015fbu Politika t\u00fczel ki\u015filere ait verilere uygulanmaz.<\/p>\n\n\n\n<p>5.2. <strong>\u00d6zel Nitelikli Ki\u015fisel Veriler<\/strong><\/p>\n\n\n\n<p>Ki\u015filerin, \u0131rk\u0131, etnik k\u00f6keni, siyasi d\u00fc\u015f\u00fcncesi, felsefi inanc\u0131, dini, mezhebi veya di\u011fer inan\u00e7lar\u0131 ile k\u0131l\u0131k ve k\u0131yafeti, dernek, vak\u0131f, kul\u00fcp , sendika, siyasi parti \u00fcyelikleri, sa\u011fl\u0131\u011f\u0131, cinsel hayat\u0131, ceza mahk\u00fbmiyeti ve g\u00fcvenlik tedbirleriyle ilgili verileri ile biyometrik ve genetik verileri \u00f6zel nitelikli ki\u015fisel verilerdir.<\/p>\n\n\n\n<p>6. <strong>K\u0130\u015e\u0130SEL VER\u0130LER\u0130N&nbsp; \u0130\u015eLENMES\u0130<\/strong><\/p>\n\n\n\n<p>6.1. <strong>Ki\u015fisel Verileri \u0130\u015fleme \u0130lkelerimiz<\/strong><\/p>\n\n\n\n<p>Ki\u015fisel verileri a\u015fa\u011f\u0131da yer alan ilkeler uyar\u0131nca i\u015flemekteyiz.<\/p>\n\n\n\n<p><strong>6.1.1 Hukuka ve d\u00fcr\u00fcstl\u00fck kurallar\u0131na uygun i\u015fleme<\/strong><\/p>\n\n\n\n<p>Ki\u015fisel verileri d\u00fcr\u00fcstl\u00fck kurallar\u0131na uygun, \u015feffaf ve ayd\u0131nlatma y\u00fck\u00fcml\u00fcl\u00fc\u011f\u00fcm\u00fcz \u00e7er\u00e7evesinde i\u015flemekteyiz.<\/p>\n\n\n\n<p><strong>6.1.2 Ki\u015fisel verilerin do\u011fru ve gerekti\u011finde g\u00fcncel olmas\u0131n\u0131 sa\u011flama<\/strong><\/p>\n\n\n\n<p>\u0130\u015flenen verilerin do\u011fru ve g\u00fcncel olmas\u0131n\u0131 sa\u011flamak i\u00e7in veri i\u015fleme prosed\u00fcrlerimizde gerekli tedbirleri al\u0131r\u0131z. Ki\u015fisel Veri Sahibi\u2019ne de verilerini g\u00fcncellemesi ve var ise i\u015flenen verilerindeki hatalar\u0131 d\u00fczeltmesi i\u00e7in bize ba\u015fvurmas\u0131na olanak sunar\u0131z.<\/p>\n\n\n\n<p><strong>6.1.3 Belirli, a\u00e7\u0131k ve me\u015fru ama\u00e7larla i\u015fleme<\/strong><\/p>\n\n\n\n<p>\u015e\u0130RKET olarak ki\u015fisel verileri kapsam\u0131 ve i\u00e7eri\u011fi a\u00e7\u0131k\u00e7a belirlenmi\u015f, mevzuat&nbsp; ve ticari hayat\u0131n ola\u011fan ak\u0131\u015f\u0131n\u0131 s\u00fcrd\u00fcrmek i\u00e7in belirlenen me\u015fru ama\u00e7lar\u0131m\u0131z dahilinde i\u015flemekteyiz.<\/p>\n\n\n\n<p><strong>6.1.4 Ki\u015fisel verilerin i\u015flendikleri ama\u00e7la ba\u011flant\u0131l\u0131, s\u0131n\u0131rl\u0131 ve \u00f6l\u00e7\u00fcl\u00fc olmas\u0131<\/strong><\/p>\n\n\n\n<p>Ki\u015fisel verileri a\u00e7\u0131k ve kesin olarak belirledi\u011fimiz ama\u00e7la ba\u011flant\u0131l\u0131, s\u0131n\u0131rl\u0131 ve \u00f6l\u00e7\u00fcl\u00fc olarak i\u015flemekteyiz.<\/p>\n\n\n\n<p>Yasal gereklilik olmad\u0131\u011f\u0131 s\u00fcrece \u00f6zel nitelikte ki\u015fisel verileri i\u015flememekte veya i\u015flememiz gerekti\u011finde konuya ili\u015fkin a\u00e7\u0131k r\u0131za almaktay\u0131z.<\/p>\n\n\n\n<p><strong>6.1.5 Kanuni d\u00fczenlemeler taraf\u0131ndan \u00f6ng\u00f6r\u00fclen ve ticari me\u015fru menfaatlerimiz s\u00fcresince ki\u015fisel verilerin saklanmas\u0131<\/strong><\/p>\n\n\n\n<p>Mevzuattaki bir\u00e7ok d\u00fczenleme ki\u015fisel verilerin belirli bir s\u00fcre saklanmas\u0131n\u0131 zorunlu k\u0131lmaktad\u0131r. Bu nedenle, i\u015fledi\u011fimiz ki\u015fisel verileri ilgili mevzuatta \u00f6ng\u00f6r\u00fclen veya ki\u015fisel verilerin i\u015flenme ama\u00e7lar\u0131 i\u00e7in gerekli olan s\u00fcre kadar saklamaktay\u0131z.<\/p>\n\n\n\n<p>Mevzuatta \u00f6ng\u00f6r\u00fclen saklama s\u00fcresinin sona ermesi veya i\u015fleme amac\u0131n\u0131n ortadan kalmas\u0131 durumunda ki\u015fisel verileri silmekte, yok etmekte veya anonim hale getirmekteyiz. Saklama s\u00fcrelerine ili\u015fkin ilke ve prosed\u00fcrlerimiz i\u015fbu Politika\u2019n\u0131n 9. b\u00f6l\u00fcm\u00fcnde detayland\u0131r\u0131lmaktad\u0131r.<\/p>\n\n\n\n<ol class=\"wp-block-list\"><li><strong>Ki\u015fisel Verileri \u0130\u015fleme Ama\u00e7lar\u0131m\u0131z<\/strong><\/li><\/ol>\n\n\n\n<p>\u015e\u0130RKET olarak ki\u015fisel verileri say\u0131lanlarla s\u0131n\u0131rl\u0131 olmamak \u00fczere a\u015fa\u011f\u0131da say\u0131lanlarla benzer ama\u00e7lar i\u00e7in i\u015flemekteyiz:<\/p>\n\n\n\n<ul class=\"wp-block-list\"><li>Faaliyetlerimizin y\u00fcr\u00fct\u00fclmesi,<\/li><li>S\u00f6zle\u015fme kapsam\u0131nda ve hizmet standartlar\u0131 \u00e7er\u00e7evesinde m\u00fc\u015fterilere destek hizmeti sa\u011flamak,<\/li><li>M\u00fc\u015fterilerimizin tercih ve ihtiya\u00e7lar\u0131n\u0131n tespit edilerek m\u00fc\u015fterilerimize verilecek hizmetlerin bu kapsamda \u015fekillendirilmesi, g\u00fcncellenmesi,<\/li><li>Yasal d\u00fczenlemelerin gerektirdi\u011fi veya zorunlu k\u0131ld\u0131\u011f\u0131 \u015fekilde, hukuki y\u00fck\u00fcml\u00fcl\u00fcklerimizi yerine getirilmesini sa\u011flamak,<\/li><li>Pazar ara\u015ft\u0131rmalar\u0131 ve istatistiksel \u00e7al\u0131\u015fmalar yapabilmek,<\/li><li>Anket, yar\u0131\u015fma, promosyon ve sponsorluklar,<\/li><li>\u0130\u015f ba\u015fvurular\u0131n\u0131 de\u011ferlendirmek,<\/li><li>\u015e\u0130RKET ile i\u015f ili\u015fkisinde bulanan ki\u015filer ile irtibat sa\u011flamak,<\/li><li>Pazarlama,<\/li><li>Uyum y\u00f6netimi,<\/li><li>Reklam, Tan\u0131t\u0131m<\/li><li>Yasal raporlama,<\/li><li>Faturaland\u0131rma<\/li><\/ul>\n\n\n\n<ol class=\"wp-block-list\"><li><strong>\u00d6zel Nitelikli Ki\u015fisel Verilerin \u0130\u015flenmesi<\/strong><\/li><\/ol>\n\n\n\n<p>\u00d6zel nitelikli ki\u015fisel veriler kanunlarda \u00f6ng\u00f6r\u00fclen ve KVK Kurulu\u2019nun \u00f6ng\u00f6rd\u00fc\u011f\u00fc idari ve teknik tedbirler al\u0131narak ve a\u00e7\u0131k r\u0131za var ise, veya mevzuat\u0131n zorunlu k\u0131ld\u0131\u011f\u0131 hallerde, taraf\u0131m\u0131zdan i\u015flenir.<\/p>\n\n\n\n<p>Sa\u011fl\u0131k ve cinsel hayata ili\u015fkin \u00f6zel nitelikli ki\u015fisel veriler, kamu sa\u011fl\u0131\u011f\u0131n\u0131n korunmas\u0131, koruyucu hekimlik, t\u0131bbi te\u015fhis, tedavi ve bak\u0131m hizmetlerinin y\u00fcr\u00fct\u00fclmesi, sa\u011fl\u0131k hizmetleri ile finansman\u0131n\u0131n planlanmas\u0131 ve y\u00f6netimi amac\u0131yla, s\u0131r saklama y\u00fck\u00fcml\u00fcl\u00fc\u011f\u00fc alt\u0131nda bulunan ki\u015filer veya yetkili kurum ve kurulu\u015flar taraf\u0131ndan i\u015flenebilmekte oldu\u011fundan, taraf\u0131m\u0131zdan \u00e7al\u0131\u015fanlar\u0131m\u0131z\u0131n verisi d\u0131\u015f\u0131nda i\u015flenmez. \u00c7al\u0131\u015fanlar\u0131m\u0131za ait bu t\u00fcr veriler ise kanunlarda \u00f6ng\u00f6r\u00fclen ki\u015filerce i\u015flenebilir.<\/p>\n\n\n\n<ol class=\"wp-block-list\"><li><strong>Ki\u015fisel<\/strong><strong>&nbsp; <\/strong><strong>verilerin&nbsp;<\/strong><strong>i\u015flenmesinde<\/strong><strong>&nbsp; <\/strong><strong>a\u00e7\u0131k<\/strong><strong> &nbsp; <\/strong><strong>r\u0131zan\u0131n&nbsp;<\/strong><strong>aranmad\u0131\u011f\u0131<\/strong><strong>&nbsp; <\/strong><strong>istisnai&nbsp;<\/strong><strong>haller<\/strong><\/li><\/ol>\n\n\n\n<p>A\u015fa\u011f\u0131da say\u0131lan ve kanundan do\u011fan istisnai hallerde a\u00e7\u0131k r\u0131za al\u0131nmadan ki\u015fisel verileri i\u015fleyebiliriz:<\/p>\n\n\n\n<ul class=\"wp-block-list\"><li>Kanunlarda a\u00e7\u0131k\u00e7a \u00f6ng\u00f6r\u00fclmesi;<\/li><li>Bir s\u00f6zle\u015fmenin kurulmas\u0131 veya ifas\u0131yla do\u011frudan do\u011fruya ilgili olmas\u0131 kayd\u0131yla s\u00f6zle\u015fmenin taraflar\u0131na ait ki\u015fisel verilerin i\u015flenmesinin gerekli olmas\u0131;<\/li><li>Bir hakk\u0131n tesisi, kullan\u0131lmas\u0131 veya korunmas\u0131 i\u00e7in veri i\u015flemenin zorunlu olmas\u0131;<\/li><li>Temel hak ve \u00f6zg\u00fcrl\u00fcklere zarar vermemek kayd\u0131yla, veri sorumlusu olarak me\u015fru menfaatlerimiz i\u00e7in verilerinizi i\u015flememizin zorunlu olmas\u0131.<\/li><\/ul>\n\n\n\n<p>\u00d6zel nitelikli ki\u015fisel verilerin \u0130lgili Ki\u015fi\u2019nin a\u00e7\u0131k r\u0131zas\u0131 olmadan i\u015flenebilece\u011fi istisnai durumlar i\u015fbu Politika\u2019n\u0131n 6.3 maddesinde belirtilmi\u015ftir.<\/p>\n\n\n\n<p>7. <strong>K\u0130\u015e\u0130SEL VER\u0130LER\u0130N SAKLANMASI<\/strong><\/p>\n\n\n\n<p>7.1. <strong>Ki\u015fisel verilerin ilgili mevzuatta \u00f6ng\u00f6r\u00fclen veya i\u015flendikleri ama\u00e7 i\u00e7in gerekli olan s\u00fcre kadar saklanmas\u0131<\/strong><\/p>\n\n\n\n<p>Ki\u015fisel verileri mevzuatta \u00f6ng\u00f6r\u00fclen saklama s\u00fcreleri sakl\u0131 kalmak kayd\u0131yla, ki\u015fisel verilerin i\u015fleme amac\u0131n\u0131n gerektirdi\u011fi s\u00fcre boyunca saklamaktay\u0131z.<\/p>\n\n\n\n<p>Ki\u015fisel verileri birden fazla ama\u00e7 ile i\u015fledi\u011fimiz hallerde, verinin i\u015fleme ama\u00e7lar\u0131n\u0131n ortadan kalkmas\u0131 veya \u0130lgili Ki\u015fi\u2019nin talebi \u00fczerine verilerin silinmesine mevzuatta bir engel olmamas\u0131 durumunda veriler silinir, yok edilir veya anonimle\u015ftirilerek saklan\u0131r. Yok etme, silme veya anonimle\u015ftirme hususlar\u0131nda mevzuat h\u00fck\u00fcmleri ve KVK Kurul kararlar\u0131na uyulur.<\/p>\n\n\n\n<p>7.2. <strong>Ki\u015fisel verilerin saklanmas\u0131na ili\u015fkin ald\u0131\u011f\u0131m\u0131z tedbirler<\/strong><\/p>\n\n\n\n<p><strong>7.2.1 Teknik Tedbirler<\/strong><\/p>\n\n\n\n<ol class=\"wp-block-list\"><li>Ki\u015fisel verilerin silinmesi, yok edilmesi ve anonimle\u015ftirilmesi i\u00e7in teknik alt yap\u0131lar ve bunlara ili\u015fkin denetim mekanizmalar\u0131 olu\u015fturmakta,<\/li><li>Ki\u015fisel verilerin g\u00fcvenli \u015fekilde saklanmas\u0131 i\u00e7in gerekli tedbirleri almakta,<\/li><li>Teknik uzmanl\u0131\u011f\u0131 olan \u00e7al\u0131\u015fanlar istihdam etmekte,<\/li><li>Olu\u015fabilecek risklere kar\u015f\u0131 i\u015f s\u00fcreklili\u011fi ve acil durum planlar\u0131 olu\u015fturup bunlar\u0131n uygulanmas\u0131na ili\u015fkin sistemler geli\u015ftirmekte,<\/li><li>Ki\u015fisel verilerin saklama alanlar\u0131na ili\u015fkin teknolojik geli\u015fmeler uyar\u0131nca g\u00fcvenlik sistemleri kurmaktay\u0131z.<\/li><\/ol>\n\n\n\n<p><strong>7.2.2 \u0130dari Tedbirler<\/strong><\/p>\n\n\n\n<ol class=\"wp-block-list\"><li>Ki\u015fisel verilerin saklanmas\u0131 ile ilgili teknik ve idari riskler hakk\u0131nda \u00e7al\u0131\u015fanlar\u0131m\u0131z\u0131 bilgilendirerek fark\u0131ndal\u0131k yaratmakta,<\/li><li>Ki\u015fisel verilerin saklanmas\u0131 konusunda teknik gereklilikler sebebiyle d\u0131\u015far\u0131dan bir hizmet al\u0131nmas\u0131 durumunda ki\u015fisel verilerin aktar\u0131ld\u0131\u011f\u0131 \u015firketler ile yap\u0131lan s\u00f6zle\u015fmelere; ki\u015fisel verilerin aktar\u0131ld\u0131\u011f\u0131 ki\u015filerin, aktar\u0131lan ki\u015fisel verilerin korunmas\u0131 ve g\u00fcvenli saklanmas\u0131 amac\u0131yla gerekli g\u00fcvenlik tedbirlerinin al\u0131nmas\u0131na ili\u015fkin&nbsp; h\u00fck\u00fcmlere yer vermekteyiz.<\/li><\/ol>\n\n\n\n<p>8. <strong>K\u0130\u015e\u0130SEL VER\u0130LER\u0130N G\u00dcVENL\u0130\u011e\u0130<\/strong><\/p>\n\n\n\n<p>8.1. <strong>Ki\u015fisel verilerin g\u00fcvenli\u011fine ili\u015fkin y\u00fck\u00fcml\u00fcl\u00fcklerimiz<\/strong><\/p>\n\n\n\n<p>Ki\u015fisel verilerin;<\/p>\n\n\n\n<ul class=\"wp-block-list\"><li>Hukuka ayk\u0131r\u0131 i\u015flenmesini \u00f6nlemek,<\/li><li>Hukuka ayk\u0131r\u0131 eri\u015fimini \u00f6nlemek,<\/li><li>Hukuka uygun olarak saklanmas\u0131n\u0131 sa\u011flamak,<\/li><\/ul>\n\n\n\n<p>i\u00e7in teknolojik olanaklar ve uygulama maliyetlerine g\u00f6re idari ve teknik tedbirler almaktay\u0131z.<\/p>\n\n\n\n<p>8.2. <strong>Ki\u015fisel&nbsp;verilerin&nbsp;hukuka&nbsp;ayk\u0131r\u0131 i\u015flenmesini &nbsp; \u00f6nlemek&nbsp;i\u00e7in&nbsp;ald\u0131\u011f\u0131m\u0131z&nbsp;teknik&nbsp; ve idari&nbsp;tedbirler<\/strong><\/p>\n\n\n\n<ul class=\"wp-block-list\"><li>\u015eirketimiz i\u00e7erisinde gerekli denetimleri yapmakta&nbsp;<\/li><\/ul>\n\n\n\n<p>ve yapt\u0131rmakta,<\/p>\n\n\n\n<ul class=\"wp-block-list\"><li>\u00c7al\u0131\u015fanlar\u0131m\u0131z\u0131 ki\u015fisel verilerin hukuka uygun olarak i\u015flenmesi hakk\u0131nda e\u011fitmekte ve bilgilendirmekte,<\/li><li>\u015eirketimizin y\u00fcr\u00fctt\u00fc\u011f\u00fc faaliyetler detayl\u0131 olarak t\u00fcm i\u015f birimleri \u00f6zelinde de\u011ferlendirilmekte, s\u00f6z konusu de\u011ferlendirme sonucunda ilgili birimlerin ger\u00e7ekle\u015ftirdi\u011fi ticari faaliyetler \u00f6zelinde ki\u015fisel verileri i\u015flemekte,<\/li><li>Ki\u015fisel verilerin i\u015flenmesi amac\u0131yla \u00fc\u00e7\u00fcnc\u00fc ki\u015filerle i\u015fbirli\u011fi yap\u0131ld\u0131\u011f\u0131 hallerde ki\u015fisel verileri i\u015fleyen \u015firketler ile yap\u0131lan s\u00f6zle\u015fmelerde; ki\u015fisel verileri i\u015fleyen ki\u015filerin gerekli g\u00fcvenlik tedbirlerinin almas\u0131na ili\u015fkin h\u00fck\u00fcmlere yer vermekte,<\/li><li>Ki\u015fisel verilerin hukuka ayk\u0131r\u0131 olarak if\u015fa edilmesi veya veri s\u0131z\u0131nt\u0131s\u0131 olmas\u0131 halinde KVK Kurul\u2019una durumu bildirerek bu hususta mevzuat taraf\u0131ndan \u00f6ng\u00f6r\u00fclen incelemeleri yapmakta ve tedbirleri almaktay\u0131z.<\/li><\/ul>\n\n\n\n<p><strong>8.2.1 Ki\u015fisel verilere hukuka ayk\u0131r\u0131 eri\u015fimi engellemek i\u00e7in al\u0131nan teknik ve idari tedbirler<\/strong><\/p>\n\n\n\n<p>Ki\u015fisel verilerin hukuka ayk\u0131r\u0131 eri\u015fimini engellemek i\u00e7in;<\/p>\n\n\n\n<ol class=\"wp-block-list\"><li>Teknik uzmanl\u0131\u011f\u0131 olan \u00e7al\u0131\u015fanlar istihdam etmekte,<\/li><li>Teknik tedbirleri periyodik olarak g\u00fcncellemekte ve yenilemekte,<\/li><li>\u015eirketlerimiz i\u00e7erisinde eri\u015fim yetkilendirme prosed\u00fcrleri olu\u015fturmakta,<\/li><li>Ald\u0131\u011f\u0131m\u0131z teknik tedbirlerin ve denetim s\u00fcre\u00e7lerinin raporlanmas\u0131na ili\u015fkin prosed\u00fcrleri belirlemekte,<\/li><li>\u015eirketimizde kullan\u0131lmakta olan veri kay\u0131t sistemlerini mevzuata uygun \u015fekilde olu\u015fturmakta ve periyodik olarak denetimlerini yapmakta,<\/li><li>Olu\u015fabilecek risklere kar\u015f\u0131 acil yard\u0131m planlar\u0131 olu\u015fturup bunlar\u0131n uygulanmas\u0131na ili\u015fkin sistemler geli\u015ftirmekte,<\/li><li>\u00c7al\u0131\u015fanlar\u0131m\u0131z\u0131 ki\u015fisel verilere eri\u015fim, yetkilendirme hususlar\u0131nda e\u011fitmekte ve bilgilendirmekte,<\/li><li>Ki\u015fisel verilerin i\u015flenmesi, saklanmas\u0131 gibi faaliyetler amac\u0131yla \u00fc\u00e7\u00fcnc\u00fc ki\u015filerle i\u015fbirli\u011fi yap\u0131ld\u0131\u011f\u0131 hallerde ki\u015fisel verilere eri\u015fim sa\u011flayan \u015firketler ile yap\u0131lan s\u00f6zle\u015fmelerde; ki\u015fisel verilere eri\u015fim sa\u011flayan ki\u015filerin gerekli g\u00fcvenlik tedbirlerinin al\u0131nmas\u0131na ili\u015fkin h\u00fck\u00fcmlere yer vermekte,<\/li><li>Ki\u015fisel verilere hukuka ayk\u0131r\u0131 eri\u015fimi engellemeyi sa\u011flamak \u00fczere teknolojik geli\u015fmeler dahilinde g\u00fcvenlik sistemleri kurmaktay\u0131z.<\/li><\/ol>\n\n\n\n<p><strong>8.2.2 Ki\u015fisel verilerin hukuka ayk\u0131r\u0131 if\u015fas\u0131 durumunda ald\u0131\u011f\u0131m\u0131z tedbirler<\/strong><\/p>\n\n\n\n<p>Ki\u015fisel verilerin hukuka ayk\u0131r\u0131 if\u015fas\u0131n\u0131n engellenmesine y\u00f6nelik idari ve teknik tedbirler almakta ve ilgili prosed\u00fcrlerimize uygun \u015fekilde bunlar\u0131 g\u00fcncellemekteyiz. Ki\u015fisel verilerin yetkisiz olarak if\u015fa edildi\u011fini tespit etmemiz halinde bu durumu \u0130lgili Ki\u015fi\u2019ye ve KVK Kurul\u2019una bildirmek i\u00e7in sistem ve alt yap\u0131lar olu\u015fturmaktay\u0131z.<\/p>\n\n\n\n<p>Al\u0131nan t\u00fcm idari ve teknik tedbirlere ra\u011fmen hukuka ayk\u0131r\u0131 bir if\u015fa ger\u00e7ekle\u015fmesi durumunda KVK Kurulu taraf\u0131ndan gerek g\u00f6r\u00fclmesi halinde, bu durum, KVK Kurulu\u2019nun internet sitesinde veya ba\u015fka bir y\u00f6ntemle ilan edilebilecektir.<\/p>\n\n\n\n<p>9. <strong>K\u0130\u015e\u0130SEL VER\u0130 SAH\u0130B\u0130N\u0130N HAKLARI<\/strong><\/p>\n\n\n\n<p>Ayd\u0131nlatma y\u00fck\u00fcml\u00fcl\u00fc\u011f\u00fcm\u00fcz kapsam\u0131nda Ki\u015fisel Veri Sahibi\u2019ni bilgilendirmekte ve bu bilgilendirmeye ili\u015fkin sistem ve alt yap\u0131lar kurmaktay\u0131z. Ki\u015fisel Veri Sahibi\u2019nin ki\u015fisel verilerinize ili\u015fkin haklar\u0131n\u0131 kullanmas\u0131 i\u00e7in gerekli olan teknik ve idari d\u00fczenlemeleri yapmaktay\u0131z.<\/p>\n\n\n\n<p>Ki\u015fisel Veri Sahibi ki\u015fisel verileri \u00fczerinde;<\/p>\n\n\n\n<ul class=\"wp-block-list\"><li>Ki\u015fisel verilerin i\u015flenip i\u015flenmedi\u011fini \u00f6\u011frenme,<\/li><li>Ki\u015fisel veriler i\u015flenmi\u015fse buna ili\u015fkin bilgi talep etme,<\/li><li>Ki\u015fisel verilerin i\u015flenme amac\u0131n\u0131 ve bunlar\u0131n amac\u0131na uygun kullan\u0131l\u0131p kullan\u0131lmad\u0131\u011f\u0131n\u0131 \u00f6\u011frenme,<\/li><li>Yurt i\u00e7inde veya yurt d\u0131\u015f\u0131nda ki\u015fisel verilerin aktar\u0131ld\u0131\u011f\u0131 \u00fc\u00e7\u00fcnc\u00fc ki\u015fileri bilme,<\/li><li>Ki\u015fisel verilerin eksik veya yanl\u0131\u015f i\u015flenmi\u015f olmas\u0131 halinde bunlar\u0131n d\u00fczeltilmesini isteme,<\/li><li>Ki\u015fisel verilerin i\u015flenmesini gerektiren sebeplerin ortadan kalkmas\u0131 halinde ki\u015fisel verilerin silinmesini veya yok edilmesini isteme,<\/li><li>Yukar\u0131da bahsedilen d\u00fczeltme, silme veya yok etme i\u015flemlerinin, ki\u015fisel verilerin aktar\u0131ld\u0131\u011f\u0131 \u00fc\u00e7\u00fcnc\u00fc ki\u015filere bildirilmesini isteme,<\/li><li>\u0130\u015flenen verilerin m\u00fcnhas\u0131ran otomatik sistemler vas\u0131tas\u0131yla analiz edilmesi suretiyle aleyhe bir sonu\u00e7 ortaya \u00e7\u0131kmas\u0131na itiraz etme,<\/li><li>Ki\u015fisel verilerin kanuna ayk\u0131r\u0131 olarak i\u015flenmesi sebebiyle zarara u\u011framas\u0131 halinde zarar\u0131n giderilmesini talep etme,&nbsp; &nbsp; &nbsp; &nbsp; &nbsp; &nbsp; &nbsp; &nbsp; &nbsp; &nbsp;<\/li><\/ul>\n\n\n\n<p>haklar\u0131na sahiptir.<\/p>\n\n\n\n<p>9.1. <strong>Ki\u015fisel verilere ili\u015fkin haklar\u0131n kullan\u0131lmas\u0131<\/strong><\/p>\n\n\n\n<p>Ki\u015fisel Veri Sahibi, ki\u015fisel verileri hakk\u0131nda talebini KVK Kurul\u2019u taraf\u0131ndan ayr\u0131 bir y\u00f6ntem belirlenmesi halinde bu y\u00f6ntem ile veya&nbsp; \u0130stasyon Mh. Akke\u00e7ili Yolu No:125, 45600 Ala\u015fehir\/Manisa&nbsp;adresine yaz\u0131l\u0131 ve \u0131slak imzal\u0131 olarak ya da <a href=\"mailto:sungift@sungift.com.tr\">sungift@sungift.com.tr<\/a> kay\u0131tl\u0131 elektronik posta adresimize g\u00fcvenli elektronik imza ile imzalanm\u0131\u015f olarak g\u00f6nderebilecektir.<\/p>\n\n\n\n<p>Ki\u015fisel Veri Sahibi yukar\u0131da belirtilen haklar\u0131 kullanmak i\u00e7in yapaca\u011f\u0131 ve kullanmay\u0131 talep etti\u011fi hakka ili\u015fkin a\u00e7\u0131klamalar\u0131n i\u00e7eren ba\u015fvuruda; talep edilen hususun a\u00e7\u0131k ve anla\u015f\u0131l\u0131r olmas\u0131, talep edilen konunun ba\u015fvuran\u0131n \u015fahs\u0131 ile ilgili olmas\u0131 veya ba\u015fkas\u0131 ad\u0131na hareket ediliyor ise bu konuda \u00f6zel olarak vekaletname ile yetkili olmas\u0131 ve bu yetkinin belgelendirilmesi, ayr\u0131ca ba\u015fvurunun kimlik ve adres bilgilerini i\u00e7ermesi ve ba\u015fvuruya kimli\u011fini tevsik edici belgelerin eklenmesi gerekmektedir.<\/p>\n\n\n\n<p>S\u00f6z konusu talepler bireysel olarak yap\u0131lacak olup yetkisiz \u00fc\u00e7\u00fcnc\u00fc ki\u015filerin ki\u015fisel veriler ile ilgili yapt\u0131\u011f\u0131 talepler de\u011ferlendirmeye al\u0131nmayacakt\u0131r.<\/p>\n\n\n\n<p>9.2. <strong>Ba\u015fvurunun de\u011ferlendirilmesi<\/strong><\/p>\n\n\n\n<p><strong>9.2.1 Ba\u015fvurunun cevapland\u0131r\u0131lma&nbsp; s\u00fcresi<\/strong><\/p>\n\n\n\n<p>Ki\u015fisel verilere ili\u015fkin talepler, niteli\u011fine g\u00f6re en k\u0131sa s\u00fcrede ve her hal\u00fck\u00e2rda en ge\u00e7 30 (otuz) g\u00fcn i\u00e7inde \u00fccretsiz olarak veya KVK Kurulu taraf\u0131ndan \u00fccrete ili\u015fkin yay\u0131nlanacak tarifedeki ko\u015fullar\u0131n olu\u015fmas\u0131 durumunda tarifedeki \u00fccret mukabili sonu\u00e7land\u0131r\u0131l\u0131r.<\/p>\n\n\n\n<p>Ba\u015fvuru s\u0131ras\u0131nda veya ba\u015fvuru de\u011ferlendirilirken ek bilgi ve belge talep edilmesi s\u00f6z konusu olabilecektir.<\/p>\n\n\n\n<p><strong>&nbsp;9.2.2 Ba\u015fvuruyu Reddetme Hakk\u0131m\u0131z<\/strong><\/p>\n\n\n\n<p>Ki\u015fisel veriler ile ilgili ba\u015fvurular;<\/p>\n\n\n\n<ol class=\"wp-block-list\"><li>Ki\u015fisel verilerin resmi istatistik ile anonim h\u00e2le getirilmek suretiyle ara\u015ft\u0131rma, planlama ve istatistik gibi ama\u00e7larla i\u015flenmesi,<\/li><li>Ki\u015fisel verilerin \u00f6zel hayat\u0131n gizlili\u011fini veya ki\u015filik haklar\u0131n\u0131 ihlal etmemek ya da su\u00e7 te\u015fkil etmemek kayd\u0131yla, sanat, tarih, edebiyat veya bilimsel ama\u00e7larla ya da ifade \u00f6zg\u00fcrl\u00fc\u011f\u00fc kapsam\u0131nda i\u015flenmesi,<\/li><li>Ki\u015fisel Veri Sahibi taraf\u0131ndan alenile\u015ftiren ki\u015fisel verilerin i\u015flenmesi<\/li><li>Ba\u015fvurunun hakl\u0131 bir nedene dayanmamas\u0131<\/li><li>Ba\u015fvurunun ilgili mevzuata ayk\u0131r\u0131 bir istem i\u00e7ermesi<\/li><li>Ba\u015fvuru usul\u00fcne uyulmamas\u0131<\/li><\/ol>\n\n\n\n<p>Hallerinde gerek\u00e7elendirilerek reddedilir.<\/p>\n\n\n\n<p><strong>9.3 Ba\u015fvurunun de\u011ferlendirilme usul\u00fc<\/strong><\/p>\n\n\n\n<p>\u0130\u015fbu politikan\u0131n 9.2.1 maddesinde belirtilen cevapland\u0131rma s\u00fcresinin ba\u015flayabilmesi i\u00e7in yap\u0131lan taleplerin yaz\u0131l\u0131 ve \u0131slak imzal\u0131 olarak ya da elektronik imzal\u0131 ve KEP \u00fczerinden g\u00f6nderilmesi veya KVK Kurulu\u2019nun belirledi\u011fi di\u011fer y\u00f6ntemlerle ba\u015fvuran\u0131n kimli\u011finin tevsik edici bilgi ve belgelerle g\u00f6ndermeniz gerekmektedir.&nbsp;<\/p>\n\n\n\n<p>Talep kabul edilir ise ilgili i\u015flem uygulan\u0131r ve yaz\u0131l\u0131 veya elektronik ortamda bildirim yap\u0131l\u0131r. Talebin reddi halinde ise, gerek\u00e7esi a\u00e7\u0131klanarak yaz\u0131l\u0131 veya elektronik ortamda ba\u015fvuru sahibine bildirilir.<\/p>\n\n\n\n<p><strong>&nbsp;&nbsp; 9.4 Ki\u015fisel Verileri Koruma Kurulu\u2019na Olan \u015eikayet Hakk\u0131<\/strong><\/p>\n\n\n\n<p>Ba\u015fvurunun reddedilmesi, verdi\u011fimiz cevab\u0131 yetersiz bulunmas\u0131 veya s\u00fcresinde cevap verilmemesi hallerinde; ba\u015fvuru sahibinin cevab\u0131 \u00f6\u011frendi\u011fi tarihten itibaren 30 (otuz) g\u00fcn ve her halde ba\u015fvuru tarihinden itibaren 60 (altm\u0131\u015f) g\u00fcn i\u00e7erisinde KVK Kurulu\u2019na \u015fik\u00e2yette bulunma hakk\u0131 bulunmaktad\u0131r.<\/p>\n\n\n\n<p>10. <strong>Y\u00dcR\u00dcRL\u00dcK<\/strong><\/p>\n\n\n\n<p>\u015e\u0130RKET taraf\u0131ndan d\u00fczenlenerek 30.09.2020 tarihinde y\u00fcr\u00fcrl\u00fc\u011fe&nbsp; girmi\u015ftir.<\/p>\n\n\n\n<p>Politika \u015e\u0130RKET\u2019in internet sitesinde http:\/\/www.sungift.com.tr yay\u0131mlan\u0131r ve ki\u015fisel veri sahiplerinin talebi \u00fczerine ilgili ki\u015filerin eri\u015fimine sunulur.<\/p>\n","protected":false},"excerpt":{"rendered":"<p>AMA\u00c7 UZUNO\u011eLU TARIM \u00dcR. \u0130TH. \u0130HR. SAN VE T\u0130C. LTD. \u015eT\u0130. olarak; m\u00fc\u015fterilerimiz, \u00e7al\u0131\u015fanlar\u0131m\u0131z, ziyaret\u00e7ilerimiz dahil \u015firketimiz ile ili\u015fkili ger\u00e7ek ki\u015filerin ki\u015fisel verilerinin T\u00fcrkiye Cumhuriyeti&nbsp; Anayasas\u0131&nbsp;<span class=\"excerpt-hellip\"> [\u2026]<\/span><\/p>\n","protected":false},"author":1,"featured_media":0,"parent":0,"menu_order":0,"comment_status":"closed","ping_status":"closed","template":"","meta":{"footnotes":""},"class_list":["post-397","page","type-page","status-publish","hentry"],"_links":{"self":[{"href":"http:\/\/www.sungift.com.tr\/en\/wp-json\/wp\/v2\/pages\/397","targetHints":{"allow":["GET"]}}],"collection":[{"href":"http:\/\/www.sungift.com.tr\/en\/wp-json\/wp\/v2\/pages"}],"about":[{"href":"http:\/\/www.sungift.com.tr\/en\/wp-json\/wp\/v2\/types\/page"}],"author":[{"embeddable":true,"href":"http:\/\/www.sungift.com.tr\/en\/wp-json\/wp\/v2\/users\/1"}],"replies":[{"embeddable":true,"href":"http:\/\/www.sungift.com.tr\/en\/wp-json\/wp\/v2\/comments?post=397"}],"version-history":[{"count":3,"href":"http:\/\/www.sungift.com.tr\/en\/wp-json\/wp\/v2\/pages\/397\/revisions"}],"predecessor-version":[{"id":403,"href":"http:\/\/www.sungift.com.tr\/en\/wp-json\/wp\/v2\/pages\/397\/revisions\/403"}],"wp:attachment":[{"href":"http:\/\/www.sungift.com.tr\/en\/wp-json\/wp\/v2\/media?parent=397"}],"curies":[{"name":"wp","href":"https:\/\/api.w.org\/{rel}","templated":true}]}}